{"id":545,"date":"2022-03-28T16:42:01","date_gmt":"2022-03-28T14:42:01","guid":{"rendered":"https:\/\/se-ret.org\/?page_id=545"},"modified":"2023-01-28T19:35:31","modified_gmt":"2023-01-28T18:35:31","slug":"cursos-y-congresos","status":"publish","type":"page","link":"https:\/\/se-ret.org\/index.php\/cursos-y-congresos\/","title":{"rendered":"I Encuentro de Investigadores Noveles en Ret\u00f3rica"},"content":{"rendered":"<div class='flex_column av-ar88h-68d6c5daad2fc1b9b6cb9be41265cb1c av_one_full  avia-builder-el-0  avia-builder-el-no-sibling  first flex_column_div '   ><section  class='av_textblock_section av-l1c1iolk-9252959d352f2df65fd46ee32d65f288'  itemscope=\"itemscope\" itemtype=\"https:\/\/schema.org\/CreativeWork\" ><div class='avia_textblock'  itemprop=\"text\" ><p>Tenemos el placer de invitar a <strong>Graduados, Doctorandos y Doctores<\/strong> de las ramas de <strong>Filolog\u00eda, Filosof\u00eda, Psicolog\u00eda, Derecho, Publicidad y Arte<\/strong> a participar en el <strong>I Encuentro de Investigadores Noveles en Ret\u00f3rica<\/strong>.<br \/>\nEste I encuentro est\u00e1 orientado a aquellas investigaciones que aborden desde una perspectiva novedosa y cr\u00edtica la siguiente tem\u00e1tica: <strong>T\u00f3picos y figuras <\/strong><strong>ret\u00f3ricas<\/strong>. Tendr\u00e1\u00a0lugar el d\u00eda <strong>6 de junio de 2023<\/strong>, en la <strong>Facultad de <\/strong><strong>Filolog\u00eda de la UCM<\/strong>.<\/p>\n<p>Todos los interesados en participar hacer una propuesta deber\u00e1n enviar al email <a href=\"mailto:marisalv@ucm.es\">marisalv@ucm.es<\/a> un pdf con la siguiente informaci\u00f3n <strong>antes del 30 de marzo de 2023<\/strong>:<\/p>\n<p>Nombre completo<br \/>\nCentro \/ Universidad<br \/>\nT\u00edtulo de la propuesta<br \/>\nResumen (300 palabras m\u00e1x.)<br \/>\nReferencias bibliogr\u00e1ficas (5 m\u00e1x.)<br \/>\nPalabras clave (5 m\u00e1x.)<br \/>\nAsunto: I ENCUENTRO DE INVESTIGADORES NOVELES EN RET\u00d3RICA<\/p>\n<p>El precio de inscripci\u00f3n es de 30 \u20ac, siendo GRATUITA para los socios de la SE-Ret.<\/p>\n<\/div><\/section><\/div>\n","protected":false},"excerpt":{"rendered":"","protected":false},"author":3,"featured_media":0,"parent":0,"menu_order":0,"comment_status":"closed","ping_status":"closed","template":"","meta":[],"yoast_head":"<!-- This site is optimized with the Yoast SEO plugin v18.6 - https:\/\/yoast.com\/wordpress\/plugins\/seo\/ -->\n<title>I Encuentro de Investigadores Noveles en Ret\u00f3rica - SE-RET. Sociedad Espa\u00f1ola de Ret\u00f3rica<\/title>\n<meta name=\"robots\" content=\"index, follow, max-snippet:-1, max-image-preview:large, max-video-preview:-1\" \/>\n<link rel=\"canonical\" href=\"https:\/\/se-ret.org\/index.php\/cursos-y-congresos\/\" \/>\n<meta property=\"og:locale\" content=\"es_ES\" \/>\n<meta property=\"og:type\" content=\"article\" \/>\n<meta property=\"og:title\" content=\"I Encuentro de Investigadores Noveles en Ret\u00f3rica - SE-RET. Sociedad Espa\u00f1ola de Ret\u00f3rica\" \/>\n<meta property=\"og:url\" content=\"https:\/\/se-ret.org\/index.php\/cursos-y-congresos\/\" \/>\n<meta property=\"og:site_name\" content=\"SE-RET. Sociedad Espa\u00f1ola de Ret\u00f3rica\" \/>\n<meta property=\"article:modified_time\" content=\"2023-01-28T18:35:31+00:00\" \/>\n<meta name=\"twitter:card\" content=\"summary_large_image\" \/>\n<meta name=\"twitter:label1\" content=\"Tiempo de lectura\" \/>\n\t<meta name=\"twitter:data1\" content=\"2 minutos\" \/>\n<script type=\"application\/ld+json\" class=\"yoast-schema-graph\">{\"@context\":\"https:\/\/schema.org\",\"@graph\":[{\"@type\":\"WebSite\",\"@id\":\"https:\/\/se-ret.org\/#website\",\"url\":\"https:\/\/se-ret.org\/\",\"name\":\"SE-RET. Sociedad Espa\u00f1ola de Ret\u00f3rica\",\"description\":\"\",\"potentialAction\":[{\"@type\":\"SearchAction\",\"target\":{\"@type\":\"EntryPoint\",\"urlTemplate\":\"https:\/\/se-ret.org\/?s={search_term_string}\"},\"query-input\":\"required name=search_term_string\"}],\"inLanguage\":\"es\"},{\"@type\":\"WebPage\",\"@id\":\"https:\/\/se-ret.org\/index.php\/cursos-y-congresos\/#webpage\",\"url\":\"https:\/\/se-ret.org\/index.php\/cursos-y-congresos\/\",\"name\":\"I Encuentro de Investigadores Noveles en Ret\u00f3rica - SE-RET. Sociedad Espa\u00f1ola de Ret\u00f3rica\",\"isPartOf\":{\"@id\":\"https:\/\/se-ret.org\/#website\"},\"datePublished\":\"2022-03-28T14:42:01+00:00\",\"dateModified\":\"2023-01-28T18:35:31+00:00\",\"breadcrumb\":{\"@id\":\"https:\/\/se-ret.org\/index.php\/cursos-y-congresos\/#breadcrumb\"},\"inLanguage\":\"es\",\"potentialAction\":[{\"@type\":\"ReadAction\",\"target\":[\"https:\/\/se-ret.org\/index.php\/cursos-y-congresos\/\"]}]},{\"@type\":\"BreadcrumbList\",\"@id\":\"https:\/\/se-ret.org\/index.php\/cursos-y-congresos\/#breadcrumb\",\"itemListElement\":[{\"@type\":\"ListItem\",\"position\":1,\"name\":\"Portada\",\"item\":\"https:\/\/se-ret.org\/index.php\/noticias\/\"},{\"@type\":\"ListItem\",\"position\":2,\"name\":\"I Encuentro de Investigadores Noveles en Ret\u00f3rica\"}]}]}<\/script>\n<!-- \/ Yoast SEO plugin. -->","yoast_head_json":{"title":"I Encuentro de Investigadores Noveles en Ret\u00f3rica - SE-RET. Sociedad Espa\u00f1ola de Ret\u00f3rica","robots":{"index":"index","follow":"follow","max-snippet":"max-snippet:-1","max-image-preview":"max-image-preview:large","max-video-preview":"max-video-preview:-1"},"canonical":"https:\/\/se-ret.org\/index.php\/cursos-y-congresos\/","og_locale":"es_ES","og_type":"article","og_title":"I Encuentro de Investigadores Noveles en Ret\u00f3rica - SE-RET. Sociedad Espa\u00f1ola de Ret\u00f3rica","og_url":"https:\/\/se-ret.org\/index.php\/cursos-y-congresos\/","og_site_name":"SE-RET. Sociedad Espa\u00f1ola de Ret\u00f3rica","article_modified_time":"2023-01-28T18:35:31+00:00","twitter_card":"summary_large_image","twitter_misc":{"Tiempo de lectura":"2 minutos"},"schema":{"@context":"https:\/\/schema.org","@graph":[{"@type":"WebSite","@id":"https:\/\/se-ret.org\/#website","url":"https:\/\/se-ret.org\/","name":"SE-RET. Sociedad Espa\u00f1ola de Ret\u00f3rica","description":"","potentialAction":[{"@type":"SearchAction","target":{"@type":"EntryPoint","urlTemplate":"https:\/\/se-ret.org\/?s={search_term_string}"},"query-input":"required name=search_term_string"}],"inLanguage":"es"},{"@type":"WebPage","@id":"https:\/\/se-ret.org\/index.php\/cursos-y-congresos\/#webpage","url":"https:\/\/se-ret.org\/index.php\/cursos-y-congresos\/","name":"I Encuentro de Investigadores Noveles en Ret\u00f3rica - SE-RET. Sociedad Espa\u00f1ola de Ret\u00f3rica","isPartOf":{"@id":"https:\/\/se-ret.org\/#website"},"datePublished":"2022-03-28T14:42:01+00:00","dateModified":"2023-01-28T18:35:31+00:00","breadcrumb":{"@id":"https:\/\/se-ret.org\/index.php\/cursos-y-congresos\/#breadcrumb"},"inLanguage":"es","potentialAction":[{"@type":"ReadAction","target":["https:\/\/se-ret.org\/index.php\/cursos-y-congresos\/"]}]},{"@type":"BreadcrumbList","@id":"https:\/\/se-ret.org\/index.php\/cursos-y-congresos\/#breadcrumb","itemListElement":[{"@type":"ListItem","position":1,"name":"Portada","item":"https:\/\/se-ret.org\/index.php\/noticias\/"},{"@type":"ListItem","position":2,"name":"I Encuentro de Investigadores Noveles en Ret\u00f3rica"}]}]}},"_links":{"self":[{"href":"https:\/\/se-ret.org\/index.php\/wp-json\/wp\/v2\/pages\/545"}],"collection":[{"href":"https:\/\/se-ret.org\/index.php\/wp-json\/wp\/v2\/pages"}],"about":[{"href":"https:\/\/se-ret.org\/index.php\/wp-json\/wp\/v2\/types\/page"}],"author":[{"embeddable":true,"href":"https:\/\/se-ret.org\/index.php\/wp-json\/wp\/v2\/users\/3"}],"replies":[{"embeddable":true,"href":"https:\/\/se-ret.org\/index.php\/wp-json\/wp\/v2\/comments?post=545"}],"version-history":[{"count":7,"href":"https:\/\/se-ret.org\/index.php\/wp-json\/wp\/v2\/pages\/545\/revisions"}],"predecessor-version":[{"id":886,"href":"https:\/\/se-ret.org\/index.php\/wp-json\/wp\/v2\/pages\/545\/revisions\/886"}],"wp:attachment":[{"href":"https:\/\/se-ret.org\/index.php\/wp-json\/wp\/v2\/media?parent=545"}],"curies":[{"name":"wp","href":"https:\/\/api.w.org\/{rel}","templated":true}]}}