{"id":1185,"date":"2024-03-16T14:03:31","date_gmt":"2024-03-16T13:03:31","guid":{"rendered":"https:\/\/se-ret.org\/?page_id=1185"},"modified":"2025-11-23T11:19:06","modified_gmt":"2025-11-23T10:19:06","slug":"se-ret","status":"publish","type":"page","link":"https:\/\/se-ret.org\/index.php\/se-ret\/","title":{"rendered":"Inicio"},"content":{"rendered":"\n<style type=\"text\/css\" data-created_by=\"avia_inline_auto\" id=\"style-css-av-ltu3z01e-6a5267793f797d80fc76865a8c977e27\">\n.avia-section.av-ltu3z01e-6a5267793f797d80fc76865a8c977e27{\nbackground-repeat:no-repeat;\nbackground-image:url(https:\/\/se-ret.org\/wp-content\/uploads\/2024\/03\/imgpsh_fullsize_anim.jpeg);\nbackground-position:0% 50%;\nbackground-attachment:scroll;\n}\n<\/style>\n<div id='av_section_1'  class='avia-section av-ltu3z01e-6a5267793f797d80fc76865a8c977e27 main_color avia-section-default avia-no-border-styling  avia-builder-el-0  el_before_av_section  avia-builder-el-first  avia-full-stretch avia-bg-style-scroll av-minimum-height av-minimum-height-50  av-section-with-video-bg container_wrap sidebar_right'  data-section-bg-repeat='stretch' data-av_minimum_height_pc='50' data-section-video-ratio='16:9'><div  class='avia-slideshow av_slideshow_obj-1-6a9647ced5d69 avia-slideshow-featured av_slideshow avia-slide-slider av-default-height-applied  av-section-video-bg avia-slideshow-1'  data-size='featured'  data-lightbox_size='large'  data-animation='slide'  data-conditional_play=''  data-ids=''  data-video_counter='1'  data-autoplay='false'  data-bg_slider='false'  data-slide_height=''  data-handle='av_slideshow'  data-interval='5'  data-class=''  data-extra_class=' av-section-video-bg'  data-el_id=''  data-css_id=''  data-scroll_down=''  data-control_layout=''  data-custom_markup=''  data-perma_caption=''  data-autoplay_stopper=''  data-image_attachment=''  data-min_height='0px'  data-lazy_loading='disabled'  data-default-height='28.666666666667'  data-img_scrset=''  data-av-desktop-hide=''  data-av-medium-hide=''  data-av-small-hide=''  data-av-mini-hide=''  data-alb_description=''  data-id=''  data-custom_class=''  data-template_class=''  data-av_uid=''  data-sc_version='1.0'  data-heading_tag=''  data-heading_class=''   itemprop=\"image\" itemscope=\"itemscope\" itemtype=\"https:\/\/schema.org\/ImageObject\" ><ul class='avia-slideshow-inner ' style='padding-bottom: 28.666666666667%;'><li  data-controls='disabled' data-mute='aviaTBaviaTBvideo_mute' data-loop='1' data-disable-autoplay=''  data-video-ratio='1.7777777777778' class='avia-slideshow-slide av_slideshow_obj-1-6a9647ced5d69__0  av-video-slide  av-video-service-html5  av-hide-video-controls av-mute-video av-loop-video  av-single-slide slide-1 ' ><div data-rel='slideshow-1' class='avia-slide-wrap '    itemprop=\"video\" itemtype=\"https:\/\/schema.org\/VideoObject\" ><div class='av-click-overlay'><\/div><video class='avia_video'  autoplay playsinline loop preload=\"metadata\" muted  id='player_1185_1706259089_1198230011'><source src=\"https:\/\/se-ret.org\/wp-content\/uploads\/2024\/03\/Mini-biografia_-Marco-Tulio-Ciceron-online-video-cutter.com_.mp4\" type=\"video\/mp4\" \/><\/video><div class=\"av-click-to-play-overlay\"><div class=\"avia_playpause_icon\"><\/div><\/div><\/div><\/li><\/ul><\/div><div class='container av-section-cont-open' ><main  role=\"main\" itemprop=\"mainContentOfPage\"  class='template-page content  av-content-small alpha units'><div class='post-entry post-entry-type-page post-entry-1185'><div class='entry-content-wrapper clearfix'>\n<div class='flex_column_table av-ltu3r77w-54b2f48d4a057c254759b122d91893d7 sc-av_three_fourth av-equal-height-column-flextable'>\n<style type=\"text\/css\" data-created_by=\"avia_inline_auto\" id=\"style-css-av-ltu3r77w-54b2f48d4a057c254759b122d91893d7\">\n.flex_column.av-ltu3r77w-54b2f48d4a057c254759b122d91893d7{\nborder-radius:4px 4px 4px 4px;\n-webkit-border-radius:4px 4px 4px 4px;\n-moz-border-radius:4px 4px 4px 4px;\npadding:3% 3% 3% 3%;\nbackground-color:rgba(157,47,27,0.7);\n}\n<\/style>\n<div class='flex_column av-ltu3r77w-54b2f48d4a057c254759b122d91893d7 av_three_fourth  avia-builder-el-1  el_before_av_one_third  avia-builder-el-first  first flex_column_table_cell av-equal-height-column av-align-bottom  av-animated-generic pop-up '   ><style type=\"text\/css\" data-created_by=\"avia_inline_auto\" id=\"style-css-av-ltu3mfm9-827dd12e29eeaa083f190c0ac02d3920\">\n#top .av-special-heading.av-ltu3mfm9-827dd12e29eeaa083f190c0ac02d3920{\npadding-bottom:10px;\ncolor:#ffffff;\n}\nbody .av-special-heading.av-ltu3mfm9-827dd12e29eeaa083f190c0ac02d3920 .av-special-heading-tag .heading-char{\nfont-size:25px;\n}\n.av-special-heading.av-ltu3mfm9-827dd12e29eeaa083f190c0ac02d3920 .special-heading-inner-border{\nborder-color:#ffffff;\n}\n.av-special-heading.av-ltu3mfm9-827dd12e29eeaa083f190c0ac02d3920 .av-subheading{\nfont-size:15px;\n}\n<\/style>\n<div  class='av-special-heading av-ltu3mfm9-827dd12e29eeaa083f190c0ac02d3920 av-special-heading-h1 custom-color-heading blockquote modern-quote  avia-builder-el-2  avia-builder-el-no-sibling '><h1 class='av-special-heading-tag'  itemprop=\"headline\"  >Sociedad Espan\u0303ola de Reto\u0301rica<\/h1><div class=\"special-heading-border\"><div class=\"special-heading-inner-border\"><\/div><\/div><\/div><\/div><\/div><!--close column table wrapper. Autoclose: 1 --><div class='flex_column av-5x8mxt-effd4a6efc2f535b0aeb0c90996e7fc4 av_one_third  avia-builder-el-3  el_after_av_three_fourth  avia-builder-el-last  first flex_column_div column-top-margin'   ><\/div>\n\n<\/div><\/div><\/main><!-- close content main element --><\/div><\/div><div id='av_section_2'  class='avia-section av-4qocwh-25b6d4b0bfad63ccc3b87d0f0dea30e8 main_color avia-section-default avia-no-border-styling  avia-builder-el-4  el_after_av_section  el_before_av_section  avia-bg-style-scroll container_wrap sidebar_right'  ><div class='container av-section-cont-open' ><div class='template-page content  av-content-small alpha units'><div class='post-entry post-entry-type-page post-entry-1185'><div class='entry-content-wrapper clearfix'>\n\n<style type=\"text\/css\" data-created_by=\"avia_inline_auto\" id=\"style-css-av-ltu4lrsi-b45ed2c165e4e77071ad1cc5349e6f10\">\n#top .av-special-heading.av-ltu4lrsi-b45ed2c165e4e77071ad1cc5349e6f10{\npadding-bottom:10px;\n}\nbody .av-special-heading.av-ltu4lrsi-b45ed2c165e4e77071ad1cc5349e6f10 .av-special-heading-tag .heading-char{\nfont-size:25px;\n}\n.av-special-heading.av-ltu4lrsi-b45ed2c165e4e77071ad1cc5349e6f10 .av-subheading{\nfont-size:15px;\n}\n<\/style>\n<div  class='av-special-heading av-ltu4lrsi-b45ed2c165e4e77071ad1cc5349e6f10 av-special-heading-h2 blockquote modern-quote modern-centered  avia-builder-el-5  el_before_av_content_slider  avia-builder-el-first '><h2 class='av-special-heading-tag'  itemprop=\"headline\"  >Eventos Destacados<\/h2><div class=\"special-heading-border\"><div class=\"special-heading-inner-border\"><\/div><\/div><\/div>\n<div   data-autoplay='true'  data-interval='5'  data-animation='slide'  data-show_slide_delay='30'  class='avia-content-slider-element-container av-ltu5yyzs-1b5d1a12f9fd4d1ecdde04cd2aa7c5fa avia-content-slider-element-slider avia-content-slider avia-smallarrow-slider avia-content-slider-active avia-content-slider-odd  avia-builder-el-6  el_after_av_heading  avia-builder-el-last  avia-content-slider1'><div class='avia-smallarrow-slider-heading  no-content-slider-heading '><div class='new-special-heading'>&nbsp;<\/div><\/div><div class=\"avia-content-slider-inner\"><div class=\"slide-entry-wrap\"><section class='slide-entry av-mibk60fc-324e663e805105efdcd90a26da55704c flex_column av_one_third post-entry slide-entry-overview slide-loop-1 slide-parity-odd  first'  itemscope=\"itemscope\" itemtype=\"https:\/\/schema.org\/CreativeWork\" ><h3 class='slide-entry-title entry-title '  itemprop=\"headline\" ><a href='https:\/\/se-ret.org\/index.php\/2025\/11\/23\/iv-jornadas-internacionales-de-la-sociedad-portuguesa-de-retorica\/'  target=\"_blank\"  rel=\"noopener noreferrer\" title='IV Jornadas Internacionais da Sociedade Portuguesa de Ret\u00f3rica'>IV Jornadas Internacionais da Sociedade Portuguesa de Ret\u00f3rica<\/a><\/h3><div class='slide-entry-excerpt entry-content'  itemprop=\"text\" ><p>Las\u00a0<strong>IV Jornadas Internacionais da Sociedade Portuguesa de Ret\u00f3rica<\/strong>\u00a0tendr\u00e1n lugar de forma presencial los d\u00edas\u00a0<strong>2 y 3 de julio de 2026<\/strong>\u00a0en la\u00a0<strong>Faculdade de Letras da Universidade de Coimbra<\/strong>.<\/p>\n<p><img loading=\"lazy\" class=\"alignnone size-medium wp-image-1858\" src=\"https:\/\/se-ret.org\/wp-content\/uploads\/2025\/11\/2026-07-02_03_spr_cartaz.0x1250-212x300.webp\" alt=\"\" width=\"212\" height=\"300\" srcset=\"https:\/\/se-ret.org\/wp-content\/uploads\/2025\/11\/2026-07-02_03_spr_cartaz.0x1250-212x300.webp 212w, https:\/\/se-ret.org\/wp-content\/uploads\/2025\/11\/2026-07-02_03_spr_cartaz.0x1250-728x1030.webp 728w, https:\/\/se-ret.org\/wp-content\/uploads\/2025\/11\/2026-07-02_03_spr_cartaz.0x1250-57x80.webp 57w, https:\/\/se-ret.org\/wp-content\/uploads\/2025\/11\/2026-07-02_03_spr_cartaz.0x1250-768x1086.webp 768w, https:\/\/se-ret.org\/wp-content\/uploads\/2025\/11\/2026-07-02_03_spr_cartaz.0x1250-499x705.webp 499w, https:\/\/se-ret.org\/wp-content\/uploads\/2025\/11\/2026-07-02_03_spr_cartaz.0x1250.webp 884w\" sizes=\"(max-width: 212px) 100vw, 212px\" \/><\/p>\n<\/div><\/section><section class='slide-entry av-mibkcitr-d2c5f94bb0435db38483ca18829ae9da flex_column av_one_third post-entry slide-entry-overview slide-loop-2 slide-parity-even  post-entry-last  '  itemscope=\"itemscope\" itemtype=\"https:\/\/schema.org\/CreativeWork\" ><h3 class='slide-entry-title entry-title '  itemprop=\"headline\" ><a href='https:\/\/se-ret.org\/index.php\/2025\/11\/23\/iv-jornadas-internacionales-de-la-sociedad-portuguesa-de-retorica\/'  title='Nueva junta directiva (SE-Ret)'>Nueva junta directiva (SE-Ret)<\/a><\/h3><div class='slide-entry-excerpt entry-content'  itemprop=\"text\" ><p>Hoy ha tenido lugar nuestra AGO, donde se ha elegido una nueva junta directiva para la Sociedad. Agradecemos a la Junta saliente su excelente trabajo y les deseamos lo mejor a los miembros del nuevo equipo.<\/p>\n<p><img loading=\"lazy\" class=\"alignnone size-medium wp-image-1869\" src=\"https:\/\/se-ret.org\/wp-content\/uploads\/2025\/11\/552968368_18069381023248319_3130424587477592416_n-1-273x300.jpg\" alt=\"\" width=\"273\" height=\"300\" srcset=\"https:\/\/se-ret.org\/wp-content\/uploads\/2025\/11\/552968368_18069381023248319_3130424587477592416_n-1-273x300.jpg 273w, https:\/\/se-ret.org\/wp-content\/uploads\/2025\/11\/552968368_18069381023248319_3130424587477592416_n-1-938x1030.jpg 938w, https:\/\/se-ret.org\/wp-content\/uploads\/2025\/11\/552968368_18069381023248319_3130424587477592416_n-1-73x80.jpg 73w, https:\/\/se-ret.org\/wp-content\/uploads\/2025\/11\/552968368_18069381023248319_3130424587477592416_n-1-768x843.jpg 768w, https:\/\/se-ret.org\/wp-content\/uploads\/2025\/11\/552968368_18069381023248319_3130424587477592416_n-1-642x705.jpg 642w, https:\/\/se-ret.org\/wp-content\/uploads\/2025\/11\/552968368_18069381023248319_3130424587477592416_n-1.jpg 1131w\" sizes=\"(max-width: 273px) 100vw, 273px\" \/> <img loading=\"lazy\" class=\"alignnone size-medium wp-image-1870\" src=\"https:\/\/se-ret.org\/wp-content\/uploads\/2025\/11\/552973617_18069381014248319_5605680295918355734_n-1-273x300.jpg\" alt=\"\" width=\"273\" height=\"300\" srcset=\"https:\/\/se-ret.org\/wp-content\/uploads\/2025\/11\/552973617_18069381014248319_5605680295918355734_n-1-273x300.jpg 273w, https:\/\/se-ret.org\/wp-content\/uploads\/2025\/11\/552973617_18069381014248319_5605680295918355734_n-1-938x1030.jpg 938w, https:\/\/se-ret.org\/wp-content\/uploads\/2025\/11\/552973617_18069381014248319_5605680295918355734_n-1-73x80.jpg 73w, https:\/\/se-ret.org\/wp-content\/uploads\/2025\/11\/552973617_18069381014248319_5605680295918355734_n-1-768x843.jpg 768w, https:\/\/se-ret.org\/wp-content\/uploads\/2025\/11\/552973617_18069381014248319_5605680295918355734_n-1-642x705.jpg 642w, https:\/\/se-ret.org\/wp-content\/uploads\/2025\/11\/552973617_18069381014248319_5605680295918355734_n-1.jpg 1131w\" sizes=\"(max-width: 273px) 100vw, 273px\" \/><\/p>\n<\/div><\/section><\/div><\/div><\/div>\n<\/div><\/div><\/div><!-- close content main div --><\/div><\/div><div id='av_section_3'  class='avia-section av-37o4bl-67519c3d83bb0c021ea177bfb1a0df5a main_color avia-section-default avia-no-border-styling  avia-builder-el-7  el_after_av_section  el_before_av_one_full  avia-bg-style-scroll container_wrap sidebar_right'  ><div class='container av-section-cont-open' ><div class='template-page content  av-content-small alpha units'><div class='post-entry post-entry-type-page post-entry-1185'><div class='entry-content-wrapper clearfix'>\n\n<style type=\"text\/css\" data-created_by=\"avia_inline_auto\" id=\"style-css-av-ltu993ed-5d046c68ef5c9533b980e07acac428d5\">\n#top .av-special-heading.av-ltu993ed-5d046c68ef5c9533b980e07acac428d5{\npadding-bottom:10px;\n}\nbody .av-special-heading.av-ltu993ed-5d046c68ef5c9533b980e07acac428d5 .av-special-heading-tag .heading-char{\nfont-size:25px;\n}\n.av-special-heading.av-ltu993ed-5d046c68ef5c9533b980e07acac428d5 .av-subheading{\nfont-size:15px;\n}\n<\/style>\n<div  class='av-special-heading av-ltu993ed-5d046c68ef5c9533b980e07acac428d5 av-special-heading-h2 blockquote modern-quote modern-centered  avia-builder-el-8  el_before_av_masonry_entries  avia-builder-el-no-sibling  av-linked-heading'><h2 class='av-special-heading-tag'  itemprop=\"headline\"  ><a class=\"av-heading-link\" href=\"https:\/\/se-ret.org\/\">\u00daltimas noticias<\/a><\/h2><div class=\"special-heading-border\"><div class=\"special-heading-inner-border\"><\/div><\/div><\/div>\n<div id='av-masonry-1' class='av-masonry av-ltuayji5-98bd742311065a31f25bc98d9b7a1492 noHover av-flex-size av-1px-gap av-hover-overlay-active av-masonry-animation-active av-masonry-col-4 av-caption-always av-caption-style- av-masonry-entries '><div class=\"av-masonry-container isotope av-js-disabled\"><div class='av-masonry-entry isotope-item av-masonry-item-no-image '><\/div><a href=\"https:\/\/se-ret.org\/index.php\/2026\/08\/25\/iv-encuentro-de-jovenes-investigadores-noveles-en-retorica\/\"  id='av-masonry-1-item-2124' data-av-masonry-item='2124' class='av-masonry-entry isotope-item post-2124 post type-post status-publish format-standard has-post-thumbnail hentry category-uncategorized  av-masonry-item-with-image' title=\"Captura de pantalla 2026-08-26 a las 10.59.45\"  itemscope=\"itemscope\" itemtype=\"https:\/\/schema.org\/CreativeWork\" ><div class='av-inner-masonry-sizer'><\/div><figure class='av-inner-masonry main_color'><div class=\"av-masonry-outerimage-container\"><div class='av-masonry-image-container'   ><img width=\"492\" height=\"705\" class=\"wp-image-2134 avia-img-lazy-loading-not-2134\"  src=\"https:\/\/se-ret.org\/wp-content\/uploads\/2026\/08\/Captura-de-pantalla-2026-08-26-a-las-10.59.45-1-492x705.png\" title=\"Captura de pantalla 2026-08-26 a las 10.59.45\" alt=\"\" srcset=\"https:\/\/se-ret.org\/wp-content\/uploads\/2026\/08\/Captura-de-pantalla-2026-08-26-a-las-10.59.45-1-492x705.png 492w, https:\/\/se-ret.org\/wp-content\/uploads\/2026\/08\/Captura-de-pantalla-2026-08-26-a-las-10.59.45-1-209x300.png 209w, https:\/\/se-ret.org\/wp-content\/uploads\/2026\/08\/Captura-de-pantalla-2026-08-26-a-las-10.59.45-1-719x1030.png 719w, https:\/\/se-ret.org\/wp-content\/uploads\/2026\/08\/Captura-de-pantalla-2026-08-26-a-las-10.59.45-1-56x80.png 56w, https:\/\/se-ret.org\/wp-content\/uploads\/2026\/08\/Captura-de-pantalla-2026-08-26-a-las-10.59.45-1.png 736w\" sizes=\"(max-width: 492px) 100vw, 492px\" \/><\/div><\/div><figcaption class='av-inner-masonry-content site-background'><div class='av-inner-masonry-content-pos'><div class='av-inner-masonry-content-pos-content'><div class='avia-arrow'><\/div><h3 class='av-masonry-entry-title entry-title '  itemprop=\"headline\" >IV ENCUENTRO DE J\u00d3VENES INVESTIGADORES NOVELES EN RET\u00d3RICA<\/h3><div class='av-masonry-entry-content entry-content'  itemprop=\"text\" >Nos complace anunciar el \u00abIV Encuentro&nbsp; de J\u00f3venes\u2026<\/div><span class='av-masonry-date meta-color updated'>25 agosto, 2026<\/span><span class=\"av-masonry-text-sep text-sep-author\">\/<\/span><span class='av-masonry-author meta-color author'><span class='fn'>por Mar\u00eda S\u00e1nchez Sergueeva<\/span><\/span><\/div><\/div><\/figcaption><\/figure><\/a><!--end av-masonry entry--><a href=\"https:\/\/se-ret.org\/index.php\/2026\/06\/02\/quinta-conferencia-del-vi-ciclo-de-conferencias-de-la-se-ret\/\"  id='av-masonry-1-item-2077' data-av-masonry-item='2077' class='av-masonry-entry isotope-item post-2077 post type-post status-publish format-standard has-post-thumbnail hentry category-uncategorized  av-masonry-item-with-image' title=\"Antonio Alberte\"  itemscope=\"itemscope\" itemtype=\"https:\/\/schema.org\/CreativeWork\" ><div class='av-inner-masonry-sizer'><\/div><figure class='av-inner-masonry main_color'><div class=\"av-masonry-outerimage-container\"><div class='av-masonry-image-container'   ><img width=\"705\" height=\"456\" class=\"wp-image-2078 avia-img-lazy-loading-not-2078\"  src=\"https:\/\/se-ret.org\/wp-content\/uploads\/2026\/06\/Antonio-Alberte-705x456.jpeg\" title=\"Antonio Alberte\" alt=\"\" srcset=\"https:\/\/se-ret.org\/wp-content\/uploads\/2026\/06\/Antonio-Alberte-705x456.jpeg 705w, https:\/\/se-ret.org\/wp-content\/uploads\/2026\/06\/Antonio-Alberte-300x194.jpeg 300w, https:\/\/se-ret.org\/wp-content\/uploads\/2026\/06\/Antonio-Alberte-1030x666.jpeg 1030w, https:\/\/se-ret.org\/wp-content\/uploads\/2026\/06\/Antonio-Alberte-80x52.jpeg 80w, https:\/\/se-ret.org\/wp-content\/uploads\/2026\/06\/Antonio-Alberte-768x497.jpeg 768w, https:\/\/se-ret.org\/wp-content\/uploads\/2026\/06\/Antonio-Alberte-1536x994.jpeg 1536w, https:\/\/se-ret.org\/wp-content\/uploads\/2026\/06\/Antonio-Alberte-1500x970.jpeg 1500w, https:\/\/se-ret.org\/wp-content\/uploads\/2026\/06\/Antonio-Alberte.jpeg 1600w\" sizes=\"(max-width: 705px) 100vw, 705px\" \/><\/div><\/div><figcaption class='av-inner-masonry-content site-background'><div class='av-inner-masonry-content-pos'><div class='av-inner-masonry-content-pos-content'><div class='avia-arrow'><\/div><h3 class='av-masonry-entry-title entry-title '  itemprop=\"headline\" >Quinta conferencia del VI Ciclo de Conferencias de la SE-Ret<\/h3><div class='av-masonry-entry-content entry-content'  itemprop=\"text\" >5\u00aa Conferencia. 30 de junio de 2026. 18.30h. Antonio Alberte\u2026<\/div><span class='av-masonry-date meta-color updated'>2 junio, 2026<\/span><span class=\"av-masonry-text-sep text-sep-author\">\/<\/span><span class='av-masonry-author meta-color author'><span class='fn'>por Marta Ramos Gran\u00e9<\/span><\/span><\/div><\/div><\/figcaption><\/figure><\/a><!--end av-masonry entry--><a href=\"https:\/\/se-ret.org\/index.php\/2026\/06\/02\/llamada-a-la-participacion\/\"  id='av-masonry-1-item-2072' data-av-masonry-item='2072' class='av-masonry-entry isotope-item post-2072 post type-post status-publish format-standard has-post-thumbnail hentry category-uncategorized  av-masonry-item-with-image' title=\"mx\"  itemscope=\"itemscope\" itemtype=\"https:\/\/schema.org\/CreativeWork\" ><div class='av-inner-masonry-sizer'><\/div><figure class='av-inner-masonry main_color'><div class=\"av-masonry-outerimage-container\"><div class='av-masonry-image-container'   ><img width=\"705\" height=\"338\" class=\"wp-image-2073 avia-img-lazy-loading-not-2073\"  src=\"https:\/\/se-ret.org\/wp-content\/uploads\/2026\/06\/mx-705x338.jpeg\" title=\"mx\" alt=\"\" srcset=\"https:\/\/se-ret.org\/wp-content\/uploads\/2026\/06\/mx-705x338.jpeg 705w, https:\/\/se-ret.org\/wp-content\/uploads\/2026\/06\/mx-300x144.jpeg 300w, https:\/\/se-ret.org\/wp-content\/uploads\/2026\/06\/mx-1030x494.jpeg 1030w, https:\/\/se-ret.org\/wp-content\/uploads\/2026\/06\/mx-80x38.jpeg 80w, https:\/\/se-ret.org\/wp-content\/uploads\/2026\/06\/mx-768x368.jpeg 768w, https:\/\/se-ret.org\/wp-content\/uploads\/2026\/06\/mx.jpeg 1200w\" sizes=\"(max-width: 705px) 100vw, 705px\" \/><\/div><\/div><figcaption class='av-inner-masonry-content site-background'><div class='av-inner-masonry-content-pos'><div class='av-inner-masonry-content-pos-content'><div class='avia-arrow'><\/div><h3 class='av-masonry-entry-title entry-title '  itemprop=\"headline\" >Llamada a la participaci\u00f3n<\/h3><div class='av-masonry-entry-content entry-content'  itemprop=\"text\" >Compartimos con ustedes el mensaje y la convocatoria que la\u2026<\/div><span class='av-masonry-date meta-color updated'>2 junio, 2026<\/span><span class=\"av-masonry-text-sep text-sep-author\">\/<\/span><span class='av-masonry-author meta-color author'><span class='fn'>por Marta Ramos Gran\u00e9<\/span><\/span><\/div><\/div><\/figcaption><\/figure><\/a><!--end av-masonry entry--><a href=\"https:\/\/se-ret.org\/index.php\/2026\/05\/21\/seminario-demostenes-y-la-retorica-que-desafio-el-poder\/\"  id='av-masonry-1-item-2065' data-av-masonry-item='2065' class='av-masonry-entry isotope-item post-2065 post type-post status-publish format-standard has-post-thumbnail hentry category-uncategorized  av-masonry-item-with-image' title=\"WhatsApp-Image-2026-05-21-at-13.44.00\"  itemscope=\"itemscope\" itemtype=\"https:\/\/schema.org\/CreativeWork\" ><div class='av-inner-masonry-sizer'><\/div><figure class='av-inner-masonry main_color'><div class=\"av-masonry-outerimage-container\"><div class='av-masonry-image-container'   ><img width=\"499\" height=\"705\" class=\"wp-image-2066 avia-img-lazy-loading-not-2066\"  src=\"https:\/\/se-ret.org\/wp-content\/uploads\/2026\/05\/WhatsApp-Image-2026-05-21-at-13.44.00-499x705.jpeg\" title=\"WhatsApp-Image-2026-05-21-at-13.44.00\" alt=\"\" srcset=\"https:\/\/se-ret.org\/wp-content\/uploads\/2026\/05\/WhatsApp-Image-2026-05-21-at-13.44.00-499x705.jpeg 499w, https:\/\/se-ret.org\/wp-content\/uploads\/2026\/05\/WhatsApp-Image-2026-05-21-at-13.44.00-212x300.jpeg 212w, https:\/\/se-ret.org\/wp-content\/uploads\/2026\/05\/WhatsApp-Image-2026-05-21-at-13.44.00-729x1030.jpeg 729w, https:\/\/se-ret.org\/wp-content\/uploads\/2026\/05\/WhatsApp-Image-2026-05-21-at-13.44.00-57x80.jpeg 57w, https:\/\/se-ret.org\/wp-content\/uploads\/2026\/05\/WhatsApp-Image-2026-05-21-at-13.44.00-768x1085.jpeg 768w, https:\/\/se-ret.org\/wp-content\/uploads\/2026\/05\/WhatsApp-Image-2026-05-21-at-13.44.00-1088x1536.jpeg 1088w, https:\/\/se-ret.org\/wp-content\/uploads\/2026\/05\/WhatsApp-Image-2026-05-21-at-13.44.00-1062x1500.jpeg 1062w, https:\/\/se-ret.org\/wp-content\/uploads\/2026\/05\/WhatsApp-Image-2026-05-21-at-13.44.00.jpeg 1450w\" sizes=\"(max-width: 499px) 100vw, 499px\" \/><\/div><\/div><figcaption class='av-inner-masonry-content site-background'><div class='av-inner-masonry-content-pos'><div class='av-inner-masonry-content-pos-content'><div class='avia-arrow'><\/div><h3 class='av-masonry-entry-title entry-title '  itemprop=\"headline\" >Seminario \u00abDem\u00f3stenes y la ret\u00f3rica que desafi\u00f3 el poder\u00bb<\/h3><div class='av-masonry-entry-content entry-content'  itemprop=\"text\" >Nos complace anunciar el seminario Dem\u00f3stenes y la ret\u00f3rica\u2026<\/div><span class='av-masonry-date meta-color updated'>21 mayo, 2026<\/span><span class=\"av-masonry-text-sep text-sep-author\">\/<\/span><span class='av-masonry-author meta-color author'><span class='fn'>por Mar\u00eda S\u00e1nchez Sergueeva<\/span><\/span><\/div><\/div><\/figcaption><\/figure><\/a><!--end av-masonry entry--><a href=\"https:\/\/se-ret.org\/index.php\/2026\/05\/19\/cuarta-conferencia-del-vi-ciclo-de-conferencias-de-la-se-ret\/\"  id='av-masonry-1-item-2061' data-av-masonry-item='2061' class='av-masonry-entry isotope-item post-2061 post type-post status-publish format-standard has-post-thumbnail hentry category-uncategorized  av-masonry-item-with-image' title=\"WhatsApp-Image-2026-05-19-at-12.19.49\"  itemscope=\"itemscope\" itemtype=\"https:\/\/schema.org\/CreativeWork\" ><div class='av-inner-masonry-sizer'><\/div><figure class='av-inner-masonry main_color'><div class=\"av-masonry-outerimage-container\"><div class='av-masonry-image-container'   ><img width=\"705\" height=\"456\" class=\"wp-image-2062 avia-img-lazy-loading-not-2062\"  src=\"https:\/\/se-ret.org\/wp-content\/uploads\/2026\/05\/WhatsApp-Image-2026-05-19-at-12.19.49-705x456.jpeg\" title=\"WhatsApp-Image-2026-05-19-at-12.19.49\" alt=\"\" srcset=\"https:\/\/se-ret.org\/wp-content\/uploads\/2026\/05\/WhatsApp-Image-2026-05-19-at-12.19.49-705x456.jpeg 705w, https:\/\/se-ret.org\/wp-content\/uploads\/2026\/05\/WhatsApp-Image-2026-05-19-at-12.19.49-300x194.jpeg 300w, https:\/\/se-ret.org\/wp-content\/uploads\/2026\/05\/WhatsApp-Image-2026-05-19-at-12.19.49-1030x666.jpeg 1030w, https:\/\/se-ret.org\/wp-content\/uploads\/2026\/05\/WhatsApp-Image-2026-05-19-at-12.19.49-80x52.jpeg 80w, https:\/\/se-ret.org\/wp-content\/uploads\/2026\/05\/WhatsApp-Image-2026-05-19-at-12.19.49-768x497.jpeg 768w, https:\/\/se-ret.org\/wp-content\/uploads\/2026\/05\/WhatsApp-Image-2026-05-19-at-12.19.49-1536x994.jpeg 1536w, https:\/\/se-ret.org\/wp-content\/uploads\/2026\/05\/WhatsApp-Image-2026-05-19-at-12.19.49-1500x970.jpeg 1500w, https:\/\/se-ret.org\/wp-content\/uploads\/2026\/05\/WhatsApp-Image-2026-05-19-at-12.19.49.jpeg 1600w\" sizes=\"(max-width: 705px) 100vw, 705px\" \/><\/div><\/div><figcaption class='av-inner-masonry-content site-background'><div class='av-inner-masonry-content-pos'><div class='av-inner-masonry-content-pos-content'><div class='avia-arrow'><\/div><h3 class='av-masonry-entry-title entry-title '  itemprop=\"headline\" >Cuarta conferencia del VI Ciclo de Conferencias de la SE-Ret<\/h3><div class='av-masonry-entry-content entry-content'  itemprop=\"text\" >Nos complace anunciar la cuarta conferencia del VI Ciclo\u2026<\/div><span class='av-masonry-date meta-color updated'>19 mayo, 2026<\/span><span class=\"av-masonry-text-sep text-sep-author\">\/<\/span><span class='av-masonry-author meta-color author'><span class='fn'>por Mar\u00eda S\u00e1nchez Sergueeva<\/span><\/span><\/div><\/div><\/figcaption><\/figure><\/a><!--end av-masonry entry--><a href=\"https:\/\/se-ret.org\/index.php\/2026\/04\/30\/llamada-a-la-participacion-iv-encuentro-de-jovenes-investigadores-noveles-en-retorica\/\"  id='av-masonry-1-item-2038' data-av-masonry-item='2038' class='av-masonry-entry isotope-item post-2038 post type-post status-publish format-standard has-post-thumbnail hentry category-uncategorized  av-masonry-item-with-image' title=\"c205696c-cd40-4887-9626-df0bed71f0bd\"  itemscope=\"itemscope\" itemtype=\"https:\/\/schema.org\/CreativeWork\" ><div class='av-inner-masonry-sizer'><\/div><figure class='av-inner-masonry main_color'><div class=\"av-masonry-outerimage-container\"><div class='av-masonry-image-container'   ><img width=\"705\" height=\"705\" class=\"wp-image-2039 avia-img-lazy-loading-not-2039\"  src=\"https:\/\/se-ret.org\/wp-content\/uploads\/2026\/04\/c205696c-cd40-4887-9626-df0bed71f0bd-705x705.jpeg\" title=\"c205696c-cd40-4887-9626-df0bed71f0bd\" alt=\"\" srcset=\"https:\/\/se-ret.org\/wp-content\/uploads\/2026\/04\/c205696c-cd40-4887-9626-df0bed71f0bd-705x705.jpeg 705w, https:\/\/se-ret.org\/wp-content\/uploads\/2026\/04\/c205696c-cd40-4887-9626-df0bed71f0bd-300x300.jpeg 300w, https:\/\/se-ret.org\/wp-content\/uploads\/2026\/04\/c205696c-cd40-4887-9626-df0bed71f0bd-80x80.jpeg 80w, https:\/\/se-ret.org\/wp-content\/uploads\/2026\/04\/c205696c-cd40-4887-9626-df0bed71f0bd-768x768.jpeg 768w, https:\/\/se-ret.org\/wp-content\/uploads\/2026\/04\/c205696c-cd40-4887-9626-df0bed71f0bd-36x36.jpeg 36w, https:\/\/se-ret.org\/wp-content\/uploads\/2026\/04\/c205696c-cd40-4887-9626-df0bed71f0bd-180x180.jpeg 180w, https:\/\/se-ret.org\/wp-content\/uploads\/2026\/04\/c205696c-cd40-4887-9626-df0bed71f0bd.jpeg 1024w\" sizes=\"(max-width: 705px) 100vw, 705px\" \/><\/div><\/div><figcaption class='av-inner-masonry-content site-background'><div class='av-inner-masonry-content-pos'><div class='av-inner-masonry-content-pos-content'><div class='avia-arrow'><\/div><h3 class='av-masonry-entry-title entry-title '  itemprop=\"headline\" >Llamada a la participaci\u00f3n \u00abIV Encuentro de J\u00f3venes Investigadores Noveles en Ret\u00f3rica\u00bb Plazo ampliado hasta el 3 de julio.<\/h3><div class='av-masonry-entry-content entry-content'  itemprop=\"text\" >La Sociedad Espa\u00f1ola de Ret\u00f3rica (Se-Ret) tiene el placer\u2026<\/div><span class='av-masonry-date meta-color updated'>30 abril, 2026<\/span><span class=\"av-masonry-text-sep text-sep-author\">\/<\/span><span class='av-masonry-author meta-color author'><span class='fn'>por Mar\u00eda S\u00e1nchez Sergueeva<\/span><\/span><\/div><\/div><\/figcaption><\/figure><\/a><!--end av-masonry entry--><a href=\"https:\/\/se-ret.org\/index.php\/2026\/04\/22\/seminario-de-retorica-y-poetica-7-de-mayo\/\"  id='av-masonry-1-item-2034' data-av-masonry-item='2034' class='av-masonry-entry isotope-item post-2034 post type-post status-publish format-standard has-post-thumbnail hentry category-uncategorized  av-masonry-item-with-image' title=\"Seminario de Reto\u0301rica y Poe\u0301tica 7 de mayo\"  itemscope=\"itemscope\" itemtype=\"https:\/\/schema.org\/CreativeWork\" ><div class='av-inner-masonry-sizer'><\/div><figure class='av-inner-masonry main_color'><div class=\"av-masonry-outerimage-container\"><div class='av-masonry-image-container'   ><img width=\"499\" height=\"705\" class=\"wp-image-2051 avia-img-lazy-loading-not-2051\"  src=\"https:\/\/se-ret.org\/wp-content\/uploads\/2026\/04\/Seminario-de-Reto\u0301rica-y-Poe\u0301tica-7-de-mayo-499x705.jpeg\" title=\"Seminario de Reto\u0301rica y Poe\u0301tica 7 de mayo\" alt=\"\" srcset=\"https:\/\/se-ret.org\/wp-content\/uploads\/2026\/04\/Seminario-de-Reto\u0301rica-y-Poe\u0301tica-7-de-mayo-499x705.jpeg 499w, https:\/\/se-ret.org\/wp-content\/uploads\/2026\/04\/Seminario-de-Reto\u0301rica-y-Poe\u0301tica-7-de-mayo-212x300.jpeg 212w, https:\/\/se-ret.org\/wp-content\/uploads\/2026\/04\/Seminario-de-Reto\u0301rica-y-Poe\u0301tica-7-de-mayo-729x1030.jpeg 729w, https:\/\/se-ret.org\/wp-content\/uploads\/2026\/04\/Seminario-de-Reto\u0301rica-y-Poe\u0301tica-7-de-mayo-57x80.jpeg 57w, https:\/\/se-ret.org\/wp-content\/uploads\/2026\/04\/Seminario-de-Reto\u0301rica-y-Poe\u0301tica-7-de-mayo-768x1085.jpeg 768w, https:\/\/se-ret.org\/wp-content\/uploads\/2026\/04\/Seminario-de-Reto\u0301rica-y-Poe\u0301tica-7-de-mayo-1088x1536.jpeg 1088w, https:\/\/se-ret.org\/wp-content\/uploads\/2026\/04\/Seminario-de-Reto\u0301rica-y-Poe\u0301tica-7-de-mayo-1062x1500.jpeg 1062w, https:\/\/se-ret.org\/wp-content\/uploads\/2026\/04\/Seminario-de-Reto\u0301rica-y-Poe\u0301tica-7-de-mayo.jpeg 1450w\" sizes=\"(max-width: 499px) 100vw, 499px\" \/><\/div><\/div><figcaption class='av-inner-masonry-content site-background'><div class='av-inner-masonry-content-pos'><div class='av-inner-masonry-content-pos-content'><div class='avia-arrow'><\/div><h3 class='av-masonry-entry-title entry-title '  itemprop=\"headline\" >Seminario de Ret\u00f3rica y Po\u00e9tica- 7 de mayo<\/h3><div class='av-masonry-entry-content entry-content'  itemprop=\"text\" >El pr\u00f3ximo 7 de mayo, los Dres. Ignacio Paj\u00f3n y Rodrigo Verano\u2026<\/div><span class='av-masonry-date meta-color updated'>22 abril, 2026<\/span><span class=\"av-masonry-text-sep text-sep-author\">\/<\/span><span class='av-masonry-author meta-color author'><span class='fn'>por Marta Ramos Gran\u00e9<\/span><\/span><\/div><\/div><\/figcaption><\/figure><\/a><!--end av-masonry entry--><a href=\"https:\/\/se-ret.org\/index.php\/2026\/03\/20\/conversacion-sobre-el-discurso-politico-hoy-con-el-ministro-pablo-bustinduy\/\"  id='av-masonry-1-item-2025' data-av-masonry-item='2025' class='av-masonry-entry isotope-item post-2025 post type-post status-publish format-standard has-post-thumbnail hentry category-uncategorized  av-masonry-item-with-image' title=\"a6a5437d-f935-4bd3-b8cc-eb8034c84bbc\"  itemscope=\"itemscope\" itemtype=\"https:\/\/schema.org\/CreativeWork\" ><div class='av-inner-masonry-sizer'><\/div><figure class='av-inner-masonry main_color'><div class=\"av-masonry-outerimage-container\"><div class='av-masonry-image-container'   ><img width=\"705\" height=\"456\" class=\"wp-image-2026 avia-img-lazy-loading-not-2026\"  src=\"https:\/\/se-ret.org\/wp-content\/uploads\/2026\/03\/a6a5437d-f935-4bd3-b8cc-eb8034c84bbc-705x456.jpeg\" title=\"a6a5437d-f935-4bd3-b8cc-eb8034c84bbc\" alt=\"\" srcset=\"https:\/\/se-ret.org\/wp-content\/uploads\/2026\/03\/a6a5437d-f935-4bd3-b8cc-eb8034c84bbc-705x456.jpeg 705w, https:\/\/se-ret.org\/wp-content\/uploads\/2026\/03\/a6a5437d-f935-4bd3-b8cc-eb8034c84bbc-300x194.jpeg 300w, https:\/\/se-ret.org\/wp-content\/uploads\/2026\/03\/a6a5437d-f935-4bd3-b8cc-eb8034c84bbc-1030x666.jpeg 1030w, https:\/\/se-ret.org\/wp-content\/uploads\/2026\/03\/a6a5437d-f935-4bd3-b8cc-eb8034c84bbc-80x52.jpeg 80w, https:\/\/se-ret.org\/wp-content\/uploads\/2026\/03\/a6a5437d-f935-4bd3-b8cc-eb8034c84bbc-768x497.jpeg 768w, https:\/\/se-ret.org\/wp-content\/uploads\/2026\/03\/a6a5437d-f935-4bd3-b8cc-eb8034c84bbc-1536x994.jpeg 1536w, https:\/\/se-ret.org\/wp-content\/uploads\/2026\/03\/a6a5437d-f935-4bd3-b8cc-eb8034c84bbc-1500x970.jpeg 1500w, https:\/\/se-ret.org\/wp-content\/uploads\/2026\/03\/a6a5437d-f935-4bd3-b8cc-eb8034c84bbc.jpeg 1600w\" sizes=\"(max-width: 705px) 100vw, 705px\" \/><\/div><\/div><figcaption class='av-inner-masonry-content site-background'><div class='av-inner-masonry-content-pos'><div class='av-inner-masonry-content-pos-content'><div class='avia-arrow'><\/div><h3 class='av-masonry-entry-title entry-title '  itemprop=\"headline\" >Conversaci\u00f3n con el ministro Pablo Bustinduy sobre el discurso pol\u00edtico hoy<\/h3><div class='av-masonry-entry-content entry-content'  itemprop=\"text\" >Nos complace anunciar que para la pr\u00f3xima sesi\u00f3n del VI Ciclo\u2026<\/div><span class='av-masonry-date meta-color updated'>20 marzo, 2026<\/span><span class=\"av-masonry-text-sep text-sep-author\">\/<\/span><span class='av-masonry-author meta-color author'><span class='fn'>por Mar\u00eda S\u00e1nchez Sergueeva<\/span><\/span><\/div><\/div><\/figcaption><\/figure><\/a><!--end av-masonry entry--><\/div><\/div>\n<\/div><\/div><\/div><!-- close content main div --><\/div><\/div><div id='after_section_3'  class='main_color av_default_container_wrap container_wrap sidebar_right'  ><div class='container av-section-cont-open' ><div class='template-page content  av-content-small alpha units'><div class='post-entry post-entry-type-page post-entry-1185'><div class='entry-content-wrapper clearfix'><\/p>\n<div class='flex_column av-2jc4tt-763670bb9e2d9ab864053b696f3b4295 av_one_full  avia-builder-el-10  el_after_av_section  avia-builder-el-no-sibling  first flex_column_div '   ><\/div>\n","protected":false},"excerpt":{"rendered":"","protected":false},"author":2,"featured_media":0,"parent":0,"menu_order":0,"comment_status":"closed","ping_status":"closed","template":"","meta":[],"yoast_head":"<!-- This site is optimized with the Yoast SEO plugin v18.6 - https:\/\/yoast.com\/wordpress\/plugins\/seo\/ -->\n<title>Sociedad Espa\u00f1ola de Ret\u00f3rica (SE-Ret)<\/title>\n<meta name=\"description\" content=\"La Sociedad Espa\u00f1ola de Ret\u00f3rica (SE-Ret) tiene como fines fomentar, impulsar y difundir los estudios de Ret\u00f3rica, en sus aspectos hist\u00f3ricos, te\u00f3ricos y pr\u00e1cticos, desde la \u00e9poca cl\u00e1sica grecolatina hasta la actualidad\" \/>\n<meta name=\"robots\" content=\"index, follow, max-snippet:-1, max-image-preview:large, max-video-preview:-1\" \/>\n<link rel=\"canonical\" href=\"https:\/\/se-ret.org\/\" \/>\n<meta property=\"og:locale\" content=\"es_ES\" \/>\n<meta property=\"og:type\" content=\"article\" \/>\n<meta property=\"og:title\" content=\"Sociedad Espa\u00f1ola de Ret\u00f3rica (SE-Ret)\" \/>\n<meta property=\"og:description\" content=\"La Sociedad Espa\u00f1ola de Ret\u00f3rica (SE-Ret) tiene como fines fomentar, impulsar y difundir los estudios de Ret\u00f3rica, en sus aspectos hist\u00f3ricos, te\u00f3ricos y pr\u00e1cticos, desde la \u00e9poca cl\u00e1sica grecolatina hasta la actualidad\" \/>\n<meta property=\"og:url\" content=\"https:\/\/se-ret.org\/\" \/>\n<meta property=\"og:site_name\" content=\"SE-RET. Sociedad Espa\u00f1ola de Ret\u00f3rica\" \/>\n<meta property=\"article:modified_time\" content=\"2025-11-23T10:19:06+00:00\" \/>\n<meta property=\"og:image\" content=\"https:\/\/se-ret.org\/wp-content\/uploads\/2025\/11\/2026-07-02_03_spr_cartaz.0x1250-212x300.webp\" \/>\n<meta name=\"twitter:card\" content=\"summary_large_image\" \/>\n<meta name=\"twitter:label1\" content=\"Tiempo de lectura\" \/>\n\t<meta name=\"twitter:data1\" content=\"4 minutos\" \/>\n<script type=\"application\/ld+json\" class=\"yoast-schema-graph\">{\"@context\":\"https:\/\/schema.org\",\"@graph\":[{\"@type\":\"WebSite\",\"@id\":\"https:\/\/se-ret.org\/#website\",\"url\":\"https:\/\/se-ret.org\/\",\"name\":\"SE-RET. Sociedad Espa\u00f1ola de Ret\u00f3rica\",\"description\":\"\",\"potentialAction\":[{\"@type\":\"SearchAction\",\"target\":{\"@type\":\"EntryPoint\",\"urlTemplate\":\"https:\/\/se-ret.org\/?s={search_term_string}\"},\"query-input\":\"required name=search_term_string\"}],\"inLanguage\":\"es\"},{\"@type\":\"ImageObject\",\"@id\":\"https:\/\/se-ret.org\/#primaryimage\",\"inLanguage\":\"es\",\"url\":\"https:\/\/se-ret.org\/wp-content\/uploads\/2025\/11\/2026-07-02_03_spr_cartaz.0x1250-212x300.webp\",\"contentUrl\":\"https:\/\/se-ret.org\/wp-content\/uploads\/2025\/11\/2026-07-02_03_spr_cartaz.0x1250-212x300.webp\"},{\"@type\":\"WebPage\",\"@id\":\"https:\/\/se-ret.org\/#webpage\",\"url\":\"https:\/\/se-ret.org\/\",\"name\":\"Sociedad Espa\u00f1ola de Ret\u00f3rica (SE-Ret)\",\"isPartOf\":{\"@id\":\"https:\/\/se-ret.org\/#website\"},\"primaryImageOfPage\":{\"@id\":\"https:\/\/se-ret.org\/#primaryimage\"},\"datePublished\":\"2024-03-16T13:03:31+00:00\",\"dateModified\":\"2025-11-23T10:19:06+00:00\",\"description\":\"La Sociedad Espa\u00f1ola de Ret\u00f3rica (SE-Ret) tiene como fines fomentar, impulsar y difundir los estudios de Ret\u00f3rica, en sus aspectos hist\u00f3ricos, te\u00f3ricos y pr\u00e1cticos, desde la \u00e9poca cl\u00e1sica grecolatina hasta la actualidad\",\"breadcrumb\":{\"@id\":\"https:\/\/se-ret.org\/#breadcrumb\"},\"inLanguage\":\"es\",\"potentialAction\":[{\"@type\":\"ReadAction\",\"target\":[\"https:\/\/se-ret.org\/\"]}]},{\"@type\":\"BreadcrumbList\",\"@id\":\"https:\/\/se-ret.org\/#breadcrumb\",\"itemListElement\":[{\"@type\":\"ListItem\",\"position\":1,\"name\":\"Portada\",\"item\":\"https:\/\/se-ret.org\/index.php\/noticias\/\"},{\"@type\":\"ListItem\",\"position\":2,\"name\":\"Inicio\"}]}]}<\/script>\n<!-- \/ Yoast SEO plugin. -->","yoast_head_json":{"title":"Sociedad Espa\u00f1ola de Ret\u00f3rica (SE-Ret)","description":"La Sociedad Espa\u00f1ola de Ret\u00f3rica (SE-Ret) tiene como fines fomentar, impulsar y difundir los estudios de Ret\u00f3rica, en sus aspectos hist\u00f3ricos, te\u00f3ricos y pr\u00e1cticos, desde la \u00e9poca cl\u00e1sica grecolatina hasta la actualidad","robots":{"index":"index","follow":"follow","max-snippet":"max-snippet:-1","max-image-preview":"max-image-preview:large","max-video-preview":"max-video-preview:-1"},"canonical":"https:\/\/se-ret.org\/","og_locale":"es_ES","og_type":"article","og_title":"Sociedad Espa\u00f1ola de Ret\u00f3rica (SE-Ret)","og_description":"La Sociedad Espa\u00f1ola de Ret\u00f3rica (SE-Ret) tiene como fines fomentar, impulsar y difundir los estudios de Ret\u00f3rica, en sus aspectos hist\u00f3ricos, te\u00f3ricos y pr\u00e1cticos, desde la \u00e9poca cl\u00e1sica grecolatina hasta la actualidad","og_url":"https:\/\/se-ret.org\/","og_site_name":"SE-RET. Sociedad Espa\u00f1ola de Ret\u00f3rica","article_modified_time":"2025-11-23T10:19:06+00:00","og_image":[{"url":"https:\/\/se-ret.org\/wp-content\/uploads\/2025\/11\/2026-07-02_03_spr_cartaz.0x1250-212x300.webp"}],"twitter_card":"summary_large_image","twitter_misc":{"Tiempo de lectura":"4 minutos"},"schema":{"@context":"https:\/\/schema.org","@graph":[{"@type":"WebSite","@id":"https:\/\/se-ret.org\/#website","url":"https:\/\/se-ret.org\/","name":"SE-RET. Sociedad Espa\u00f1ola de Ret\u00f3rica","description":"","potentialAction":[{"@type":"SearchAction","target":{"@type":"EntryPoint","urlTemplate":"https:\/\/se-ret.org\/?s={search_term_string}"},"query-input":"required name=search_term_string"}],"inLanguage":"es"},{"@type":"ImageObject","@id":"https:\/\/se-ret.org\/#primaryimage","inLanguage":"es","url":"https:\/\/se-ret.org\/wp-content\/uploads\/2025\/11\/2026-07-02_03_spr_cartaz.0x1250-212x300.webp","contentUrl":"https:\/\/se-ret.org\/wp-content\/uploads\/2025\/11\/2026-07-02_03_spr_cartaz.0x1250-212x300.webp"},{"@type":"WebPage","@id":"https:\/\/se-ret.org\/#webpage","url":"https:\/\/se-ret.org\/","name":"Sociedad Espa\u00f1ola de Ret\u00f3rica (SE-Ret)","isPartOf":{"@id":"https:\/\/se-ret.org\/#website"},"primaryImageOfPage":{"@id":"https:\/\/se-ret.org\/#primaryimage"},"datePublished":"2024-03-16T13:03:31+00:00","dateModified":"2025-11-23T10:19:06+00:00","description":"La Sociedad Espa\u00f1ola de Ret\u00f3rica (SE-Ret) tiene como fines fomentar, impulsar y difundir los estudios de Ret\u00f3rica, en sus aspectos hist\u00f3ricos, te\u00f3ricos y pr\u00e1cticos, desde la \u00e9poca cl\u00e1sica grecolatina hasta la actualidad","breadcrumb":{"@id":"https:\/\/se-ret.org\/#breadcrumb"},"inLanguage":"es","potentialAction":[{"@type":"ReadAction","target":["https:\/\/se-ret.org\/"]}]},{"@type":"BreadcrumbList","@id":"https:\/\/se-ret.org\/#breadcrumb","itemListElement":[{"@type":"ListItem","position":1,"name":"Portada","item":"https:\/\/se-ret.org\/index.php\/noticias\/"},{"@type":"ListItem","position":2,"name":"Inicio"}]}]}},"_links":{"self":[{"href":"https:\/\/se-ret.org\/index.php\/wp-json\/wp\/v2\/pages\/1185"}],"collection":[{"href":"https:\/\/se-ret.org\/index.php\/wp-json\/wp\/v2\/pages"}],"about":[{"href":"https:\/\/se-ret.org\/index.php\/wp-json\/wp\/v2\/types\/page"}],"author":[{"embeddable":true,"href":"https:\/\/se-ret.org\/index.php\/wp-json\/wp\/v2\/users\/2"}],"replies":[{"embeddable":true,"href":"https:\/\/se-ret.org\/index.php\/wp-json\/wp\/v2\/comments?post=1185"}],"version-history":[{"count":98,"href":"https:\/\/se-ret.org\/index.php\/wp-json\/wp\/v2\/pages\/1185\/revisions"}],"predecessor-version":[{"id":2088,"href":"https:\/\/se-ret.org\/index.php\/wp-json\/wp\/v2\/pages\/1185\/revisions\/2088"}],"wp:attachment":[{"href":"https:\/\/se-ret.org\/index.php\/wp-json\/wp\/v2\/media?parent=1185"}],"curies":[{"name":"wp","href":"https:\/\/api.w.org\/{rel}","templated":true}]}}